{"id":6,"date":"2019-01-17T08:55:33","date_gmt":"2019-01-17T07:55:33","guid":{"rendered":"https:\/\/andreatamborini.ch\/?page_id=6"},"modified":"2025-02-12T20:59:45","modified_gmt":"2025-02-12T19:59:45","slug":"qui-suis-je","status":"publish","type":"page","link":"https:\/\/andreatamborini.ch\/?page_id=6","title":{"rendered":"Qui suis-je ?"},"content":{"rendered":"<div class=\"nicepage-container\"><div class=\"\" style=\"\">        <script>\n            (function ($) {\n                var ResponsiveCms = window.ResponsiveCms;\n                if (!ResponsiveCms) {\n                    return;\n                }\n                ResponsiveCms.contentDom = $('script:last').parent();\n                ResponsiveCms.prevMode = \"XL\";\n\n                if (typeof ResponsiveCms.recalcClasses === 'function') {\n                    ResponsiveCms.recalcClasses();\n                }\n            })(jQuery);\n        <\/script>\n        \n    \n    <section class=\"u-clearfix u-image u-shading u-section-2\" src=\"\" id=\"sec-4d3c\">\n      <div class=\"u-clearfix u-sheet u-sheet-1\">\n        <div class=\"u-align-left u-container-style u-expanded-width-sm u-expanded-width-xs u-group u-group-1\">\n          <div class=\"u-container-layout u-container-layout-1\">\n            <h1 class=\"u-text u-text-white u-title u-text-1\">Qui suis-je ?<\/h1>\n          <\/div>\n        <\/div>\n      <\/div>\n    <\/section>\n    <section class=\"u-clearfix u-section-3\" id=\"sec-af4c\">\n      <div class=\"u-clearfix u-sheet u-sheet-1\">\n        <h1 class=\"u-align-center u-text u-text-palette-1-dark-1 u-text-1\">Andrea&nbsp;<br>Tamborini-Gentinetta\n        <\/h1>\n        <p class=\"u-text u-text-2\">Valaisanne\nd'origine, depuis plus de 30 ans je vis dans le canton de Fribourg. Il y a 20\nans, la d\u00e9pression a pris une place importante dans ma vie, suite \u00e0 quoi j'ai\nd\u00e9cid\u00e9 de me prendre en main et de devenir autonome et responsable de moi-m\u00eame.<br>\n          <br> J'ai suivi des enseignements de l\u2019\u00c9cole de vie et j\u2019ai \u00e9norm\u00e9ment appris de la\nvie, ainsi que de la vie spirituelle. J'ai suivi les enseignements de R\u00e9al\nChoini\u00e8re Canada, qui \u00e9tait ma base \u00e0 mes compr\u00e9hension des \u00e9motions, ainsi les couleurs\navec William Berton France, les diff\u00e9rents pendules et le PU, le magn\u00e9tisme,\nl'expression cr\u00e9ative, V\u00e9ronique Caron, Grigori Grabovoi et d'autres personnes et surtout les enseignements de Rodolfo Rios ma\u00eetre\nspirituel qui ont contribuer \u00e0 mes connaissances acquises ainsi\n\u00e0 mon mieux \u00eatre. Depuis 2020 je suis m\u00e9ditant du groupe Inuani francophone et nous m\u00e9ditions 3 x par semaines avec Rodolfo Rios. Avec lui, J'ai form\u00e9 un petit groupe de m\u00e9ditants a Fribourg en pr\u00e9sentiel.&nbsp;<br>\n          <br>En 2015, une grande vuln\u00e9rabilit\u00e9 m\u2019a habit\u00e9, et pour\nfaire face \u00e0 cet inconfort je me suis concentr\u00e9e sur mon corps physique, en\nm'observant et en \u00e9coutant mes r\u00e9els besoins. Depuis j'ai saisi que le \u00eatre dans le corps physique contribuer a un bien \u00eatre.&nbsp;&nbsp;<br> Le manque de confiance me rattrap\u00e9 et j\u2019ai r\u00e9p\u00e9t\u00e9 en longueur de journ\u00e9e\n\u00ab&nbsp;Je suis confiante&nbsp;\u00bb<br>\n          <br>\n        <\/p>\n        <p class=\"u-text u-text-palette-1-light-1 u-text-3\"> Aujourd\u2019hui, je suis toujours la m\u00eame Andrea juste que mon int\u00e9rieur a chang\u00e9. Mes perceptions, mes connaissances et mon regard sur moi-m\u00eame ont chang\u00e9.<\/p>\n      <\/div>\n    <\/section>\n    <section class=\"u-clearfix u-palette-4-light-2 u-section-4\" id=\"sec-00d2\">\n      <div class=\"u-clearfix u-sheet u-sheet-1\">\n        <div class=\"u-align-left u-container-style u-expanded-width-md u-expanded-width-sm u-expanded-width-xs u-group u-group-1\">\n          <div class=\"u-container-layout u-container-layout-1\"><span class=\"u-align-left u-icon u-icon-1\"><svg class=\"u-svg-link\" preserveAspectRatio=\"xMidYMin slice\" viewBox=\"0 0 16 16\"><use xlink:href=\"#svg-a4ad\"><\/use><\/svg><svg viewBox=\"0 0 16 16\" id=\"svg-a4ad\" class=\"u-svg-content\"><path fill=\"#444444\" d=\"M7 7v7h-7v-7.1c0-4.8 4.5-5.4 4.5-5.4l0.6 1.4c0 0-2 0.3-2.4 1.9-0.4 1.2 0.4 2.2 0.4 2.2h3.9z\"><\/path><path fill=\"#444444\" d=\"M16 7v7h-7v-7.1c0-4.8 4.5-5.4 4.5-5.4l0.6 1.4c0 0-2 0.3-2.4 1.9-0.4 1.2 0.4 2.2 0.4 2.2h3.9z\"><\/path><\/svg><\/span>\n            <p class=\"u-small-text u-text u-text-variant u-text-1\">En 2015 ,mon petit-fils, avais des \u00e9normes peurs pour aller au lit le soir. Il pleur\u00e9 beaucoup, il vivait le deuil de son papa. Je me suis couch\u00e9e un soir a ses cot\u00e9s et j'ai ressentis de forts battements du c\u0153ur qui m'impressionnait tellement.&nbsp; C'etait ma 1\u00e8re exp\u00e9rience en regardant dans son int\u00e9rieure et je ressentais ses peurs et j'avais trouver la cause juste des battements, et&nbsp; l'intensit\u00e9 s'estompait de suite.\n                        C\u2019\u00e9tait li\u00e9 \u00e0 ses grosses peurs, qui l\u2019emp\u00eachaient de s'endormir. \u00c9pat\u00e9e par ce qui s\u2019est pass\u00e9, j'ai constat\u00e9 que les peurs sur lesquelles j\u2019\u00e9tais focalis\u00e9 disparaissaient simplement. Ce gar\u00e7on aujourd\u2019hui est juste merveilleux,\n                        sensible, vive d'esprit et confiant en la vie.<\/p>\n            <h5 class=\"u-text u-text-2\"><b>Exp\u00e9rience en soins<\/b>\n            <\/h5>\n            <h6 class=\"u-text u-text-3\">Andrea Tamborini<\/h6>\n          <\/div>\n        <\/div>\n      <\/div>\n    <\/section>\n    <section class=\"u-clearfix u-section-5\" id=\"sec-b38a\">\n      <div class=\"u-clearfix u-expanded-width u-gutter-10 u-layout-wrap u-layout-wrap-1\">\n        <div class=\"u-layout\">\n          <div class=\"u-layout-row\">\n            <div class=\"u-align-left u-container-style u-image u-layout-cell u-left-cell u-size-23 u-size-xs-60 u-image-1\">\n              <div class=\"u-container-layout\" src=\"\"><\/div>\n            <\/div>\n            <div class=\"u-container-style u-layout-cell u-opacity u-opacity-65 u-right-cell u-size-37 u-size-xs-60 u-layout-cell-2\">\n              <div class=\"u-container-layout u-container-layout-2\">\n                <h2 class=\"u-align-left u-text u-text-palette-4-light-1 u-text-1\"><b>Mon alli\u00e9 mon corps<\/b>\n                <\/h2>\n                <p class=\"u-align-justify u-text u-text-2\">Le corps physique n'est pas un obstacle \u00e0 notre r\u00e9alisation sur terre, mais au contraire c'est gr\u00e2ce \u00e0 lui qu'il est possible de r\u00e9v\u00e9ler au monde la v\u00e9ritable essence de Dieu.&nbsp;<br>\n                  <br>Apprendre \u00e0 conna\u00eetre le corps physique\n                                et \u00e0 le reconna\u00eetre est une grande source de lib\u00e9ration, c\u2019est un processus de gu\u00e9rison immense et infini dans son impact.&nbsp;<br>\n                  <br>Il suffit de choisir consciemment et d\u2019amener notre conscience enti\u00e8re en utilisant\n                                nos sens, comme le ressenti, notre \u00e9coute, notre vision pour acc\u00e9der facilement \u00e0 l\u2019information stock\u00e9e.&nbsp;<br>\n                  <br>Notre corps physique a la capacit\u00e9 de percevoir et per\u00e7oit toutes ses informations subtiles \u00e0 chaque\n                                instant.&nbsp; <br>\n                  <br>Ce processus est tr\u00e8s souvent inconscient et cela prend forme dans notre corps physique sous forme de sensation, pens\u00e9es, d\u2019\u00e9tat d\u2019\u00e2mes, d\u2019\u00e9motions, de blocages .....qui d\u00e9bouchent en actions et r\u00e9actions.&nbsp;<br>\n                  <br>Ne\n                                pas \u00eatre dans le corps physique nous donne le sentiment d\u2019\u00eatre irrit\u00e9, fatigu\u00e9, la t\u00eate embourb\u00e9e, impossible d\u2019atteindre son but, \u00eatre inconscient, tourner en rond, avoir beaucoup de pens\u00e9es et ne pas pouvoir choisir la\n                                bonne pens\u00e9e.....\n                <\/p>\n              <\/div>\n            <\/div>\n          <\/div>\n        <\/div>\n      <\/div>\n    <\/section>\n    \n    \n    \n  \n<\/div><\/div>","protected":false},"excerpt":{"rendered":"<p class=\"qua-blog-post-description\">Qui suis-je ? Andrea&nbsp;Tamborini-Gentinetta Valaisanne d&#8217;origine, depuis plus de 30 ans je vis dans le canton de Fribourg. Il y a 20 ans, la d\u00e9pression a pris une place importante dans ma vie, suite \u00e0 quoi j&#8217;ai d\u00e9cid\u00e9 de me prendre en main et de devenir autonome et responsable de moi-m\u00eame. J&#8217;ai suivi des enseignements [&hellip;]<\/p>\n","protected":false},"author":1,"featured_media":0,"parent":0,"menu_order":0,"comment_status":"closed","ping_status":"closed","template":"","meta":{"_monsterinsights_skip_tracking":false,"_monsterinsights_sitenote_active":false,"_monsterinsights_sitenote_note":"","_monsterinsights_sitenote_category":0,"footnotes":""},"class_list":["post-6","page","type-page","status-publish","hentry"],"_links":{"self":[{"href":"https:\/\/andreatamborini.ch\/index.php?rest_route=\/wp\/v2\/pages\/6","targetHints":{"allow":["GET"]}}],"collection":[{"href":"https:\/\/andreatamborini.ch\/index.php?rest_route=\/wp\/v2\/pages"}],"about":[{"href":"https:\/\/andreatamborini.ch\/index.php?rest_route=\/wp\/v2\/types\/page"}],"author":[{"embeddable":true,"href":"https:\/\/andreatamborini.ch\/index.php?rest_route=\/wp\/v2\/users\/1"}],"replies":[{"embeddable":true,"href":"https:\/\/andreatamborini.ch\/index.php?rest_route=%2Fwp%2Fv2%2Fcomments&post=6"}],"version-history":[{"count":29,"href":"https:\/\/andreatamborini.ch\/index.php?rest_route=\/wp\/v2\/pages\/6\/revisions"}],"predecessor-version":[{"id":636,"href":"https:\/\/andreatamborini.ch\/index.php?rest_route=\/wp\/v2\/pages\/6\/revisions\/636"}],"wp:attachment":[{"href":"https:\/\/andreatamborini.ch\/index.php?rest_route=%2Fwp%2Fv2%2Fmedia&parent=6"}],"curies":[{"name":"wp","href":"https:\/\/api.w.org\/{rel}","templated":true}]}}