{"id":469,"date":"2019-06-03T12:17:05","date_gmt":"2019-06-03T10:17:05","guid":{"rendered":"https:\/\/andreatamborini.ch\/?page_id=469"},"modified":"2022-01-18T16:10:03","modified_gmt":"2022-01-18T15:10:03","slug":"livre-dor","status":"publish","type":"page","link":"https:\/\/andreatamborini.ch\/?page_id=469","title":{"rendered":"T\u00e9moignage"},"content":{"rendered":"\n<blockquote class=\"wp-block-quote is-layout-flow wp-block-quote-is-layout-flow\"><p>&#8220;Hello quel plaisir d\u2019avoir de l\u2019apaisement \u00e0 la maison <br>Dimanche super et nuit \ud83d\ude07<br>Ce matin Amandine a dormi jusqu\u2019\u00e0 8 heures et elle m\u2019a dit j\u2019ai super bien dormi et \u00e7a se voyait&nbsp;<br>Encore merci et tr\u00e8s bonne journ\u00e9e \ud83e\udd29 &#8220;<\/p><cite>3.6.2019<\/cite><\/blockquote>\n\n\n\n<p class=\"wp-block-paragraph\">&nbsp;<a href=\"https:\/\/www.facebook.com\/AndreaTamboriniGentinetta\/?__tn__=%2CdkCH-R-R&amp;eid=ARDNv6tZpzhDfcXPb_LR4Mikq4vsB95SgLBs0YRhi3t_u0uUCImFgWfCbGpwh3CAGHT1PSOBLrF_okaG&amp;hc_ref=ARSRgw-lOZj14yDGmCYBQc5bEF-HPYCoxshku7aPd00X5FdvDiQDBvMFCWI3NNGKepU&amp;fref=tag\">Andrea Tamborini Soins \u00e9nerg\u00e9tiques et gu\u00e9rison<\/a> <abbr title=\"11\/04\/2018 19:13\"><a href=\"https:\/\/www.facebook.com\/andrea.tamborini.33\/posts\/10215919526441609\">11 avril 2018<\/a><\/abbr>            Val\u00e9rie Weber Guillemin \u00e0 recommand\u00e9 Andrea Tamborini Soins \u00e9nerg\u00e9tiques et gu\u00e9rison.  <br>Juste exceptionnelle ; h\u00e9sitez pas <\/p>\n\n\n\n<p class=\"wp-block-paragraph\">Ch\u00e8re Madame Tamborini, MERCI pour&#8230;.redonner de l&#8217;espoir, \u00eatre tr\u00e8s disponible, votre \u00e9coute, votre positivit\u00e9, votre encouragement, etc&#8230;.ect&#8230;Bernadette <\/p>\n","protected":false},"excerpt":{"rendered":"<p class=\"qua-blog-post-description\">&#8220;Hello quel plaisir d\u2019avoir de l\u2019apaisement \u00e0 la maison Dimanche super et nuit \ud83d\ude07Ce matin Amandine a dormi jusqu\u2019\u00e0 8 heures et elle m\u2019a dit j\u2019ai super bien dormi et \u00e7a se voyait&nbsp;Encore merci et tr\u00e8s bonne journ\u00e9e \ud83e\udd29 &#8220; 3.6.2019 &nbsp;Andrea Tamborini Soins \u00e9nerg\u00e9tiques et gu\u00e9rison 11 avril 2018 Val\u00e9rie Weber Guillemin \u00e0 recommand\u00e9 [&hellip;]<\/p>\n","protected":false},"author":4,"featured_media":0,"parent":0,"menu_order":0,"comment_status":"closed","ping_status":"closed","template":"","meta":{"_monsterinsights_skip_tracking":false,"_monsterinsights_sitenote_active":false,"_monsterinsights_sitenote_note":"","_monsterinsights_sitenote_category":0,"footnotes":""},"class_list":["post-469","page","type-page","status-publish","hentry"],"_links":{"self":[{"href":"https:\/\/andreatamborini.ch\/index.php?rest_route=\/wp\/v2\/pages\/469","targetHints":{"allow":["GET"]}}],"collection":[{"href":"https:\/\/andreatamborini.ch\/index.php?rest_route=\/wp\/v2\/pages"}],"about":[{"href":"https:\/\/andreatamborini.ch\/index.php?rest_route=\/wp\/v2\/types\/page"}],"author":[{"embeddable":true,"href":"https:\/\/andreatamborini.ch\/index.php?rest_route=\/wp\/v2\/users\/4"}],"replies":[{"embeddable":true,"href":"https:\/\/andreatamborini.ch\/index.php?rest_route=%2Fwp%2Fv2%2Fcomments&post=469"}],"version-history":[{"count":7,"href":"https:\/\/andreatamborini.ch\/index.php?rest_route=\/wp\/v2\/pages\/469\/revisions"}],"predecessor-version":[{"id":578,"href":"https:\/\/andreatamborini.ch\/index.php?rest_route=\/wp\/v2\/pages\/469\/revisions\/578"}],"wp:attachment":[{"href":"https:\/\/andreatamborini.ch\/index.php?rest_route=%2Fwp%2Fv2%2Fmedia&parent=469"}],"curies":[{"name":"wp","href":"https:\/\/api.w.org\/{rel}","templated":true}]}}